{"version":"1.0","provider_name":"PRO Flexconvert \/  PRO Flextronics Media Hub","provider_url":"https:\/\/m2n-converting.com\/de\/","author_name":"Martin Hirschmann","author_url":"https:\/\/m2n-converting.com\/de\/author\/martin-hirschmann\/","title":"Afera veranstaltet 11. Tape College in M\u00fcnchen - PRO Flexconvert \/ PRO Flextronics Media Hub","type":"rich","width":600,"height":338,"html":"<blockquote class=\"wp-embedded-content\" data-secret=\"7v6VZ0oMvQ\"><a href=\"https:\/\/m2n-converting.com\/de\/flexconvert\/afera-veranstaltet-11-tape-college-in-muenchen\/\">Afera veranstaltet 11. Tape College in M\u00fcnchen<\/a><\/blockquote><iframe sandbox=\"allow-scripts\" security=\"restricted\" src=\"https:\/\/m2n-converting.com\/de\/flexconvert\/afera-veranstaltet-11-tape-college-in-muenchen\/embed\/#?secret=7v6VZ0oMvQ\" width=\"600\" height=\"338\" title=\"&#8222;Afera veranstaltet 11. Tape College in M\u00fcnchen&#8220; &#8211; PRO Flexconvert \/  PRO Flextronics Media Hub\" data-secret=\"7v6VZ0oMvQ\" frameborder=\"0\" marginwidth=\"0\" marginheight=\"0\" scrolling=\"no\" class=\"wp-embedded-content\"><\/iframe><script type=\"text\/javascript\">\n\/* <![CDATA[ *\/\n\/*! This file is auto-generated *\/\n!function(d,l){\"use strict\";l.querySelector&&d.addEventListener&&\"undefined\"!=typeof URL&&(d.wp=d.wp||{},d.wp.receiveEmbedMessage||(d.wp.receiveEmbedMessage=function(e){var t=e.data;if((t||t.secret||t.message||t.value)&&!\/[^a-zA-Z0-9]\/.test(t.secret)){for(var s,r,n,a=l.querySelectorAll('iframe[data-secret=\"'+t.secret+'\"]'),o=l.querySelectorAll('blockquote[data-secret=\"'+t.secret+'\"]'),c=new RegExp(\"^https?:$\",\"i\"),i=0;i<o.length;i++)o[i].style.display=\"none\";for(i=0;i<a.length;i++)s=a[i],e.source===s.contentWindow&&(s.removeAttribute(\"style\"),\"height\"===t.message?(1e3<(r=parseInt(t.value,10))?r=1e3:~~r<200&&(r=200),s.height=r):\"link\"===t.message&&(r=new URL(s.getAttribute(\"src\")),n=new URL(t.value),c.test(n.protocol))&&n.host===r.host&&l.activeElement===s&&(d.top.location.href=t.value))}},d.addEventListener(\"message\",d.wp.receiveEmbedMessage,!1),l.addEventListener(\"DOMContentLoaded\",function(){for(var e,t,s=l.querySelectorAll(\"iframe.wp-embedded-content\"),r=0;r<s.length;r++)(t=(e=s[r]).getAttribute(\"data-secret\"))||(t=Math.random().toString(36).substring(2,12),e.src+=\"#?secret=\"+t,e.setAttribute(\"data-secret\",t)),e.contentWindow.postMessage({message:\"ready\",secret:t},\"*\")},!1)))}(window,document);\n\/\/# sourceURL=https:\/\/m2n-converting.com\/wp-includes\/js\/wp-embed.min.js\n\/* ]]> *\/\n<\/script>\n","thumbnail_url":"https:\/\/m2n-converting.com\/wp-content\/uploads\/2024\/01\/Afera-logo-met-slogan1.jpg","thumbnail_width":1590,"thumbnail_height":572,"description":"Afera, der Europ\u00e4ische Verband der Klebebandindustrie, hat k\u00fcrzlich seine wichtigste technische Fortbildungsveranstaltung f\u00fcr 2024 angek\u00fcndigt. Das Tape College findet vom 12. bis 14. M\u00e4rz im Le M\u00e9ridien M\u00fcnchen statt. Die zweij\u00e4hrliche Veranstaltung, die bereits zum elften Mal \u00fcber die B\u00fchne gehen wird, wird von den besten und kl\u00fcgsten K\u00f6pfen der Klebebandbranche ausgerichtet und ist in [&hellip;]"}